{"id":16368,"date":"2017-08-17T16:07:17","date_gmt":"2017-08-17T14:07:17","guid":{"rendered":"https:\/\/www.weitzer-parkett.com\/impressum\/"},"modified":"2025-04-17T13:23:17","modified_gmt":"2025-04-17T11:23:17","slug":"mentions-legales","status":"publish","type":"page","link":"https:\/\/www.weitzer-parkett.com\/fr\/mentions-legales\/","title":{"rendered":"Mentions l\u00e9gales"},"content":{"rendered":"<div id=\"ep-block-page-header-block_3152c5d3691611d24c05b783ef484376\" class=\"ep-block-page-header ep-block  chosen-bg-theme-beige type-4\">\n            <div class=\"show-frontend\">\n\n            \n                <div class=\"inner\">\n                    <div class=\"container mx-auto\">\n                        <div class=\"text-container\">\n\n                                                            <div class=\"breadcrumbs-wrapper\">\n                                    <span><span><a href=\"https:\/\/www.weitzer-parkett.com\/fr\/\">Home<\/a><\/span><\/span>\n                                <\/div>\n                            \n                                                            <h1>Mentions l\u00e9gales<\/h1>\n                            \n                            \n                            \n                        <\/div>\n                    <\/div>\n                <\/div>\n\n                \n                    <\/div>\n    <\/div>\n\n\n<div id=\"ep-block-2-cols-text-block_4f5a42edaf46f812166c1668a14e7642\" class=\"ep-block-2-cols-text ep-block  chosen-\">\n            <div class=\"show-frontend\">\n            <div class=\"inner\">\n                                    <h2>Weitzer Parkett Vertriebs GmbH<\/h2>\n                                <div class=\"col-wrapper\">\n                    <div class=\"col-left col\"><h3>Donn\u00e9es g\u00e9n\u00e9rales de l\u2019entreprise<\/h3>\n<p>Klammstra\u00dfe 24<br \/>\n8160 Weiz<br \/>\nAutriche<\/p>\n<p>T\u00e9l\u00e9phone: +43 (0) 3172 \/ 2372-0<br \/>\nE-Mail: <a href=\"mailto:office@weitzer-parkett.com\">office@weitzer-parkett.com<\/a><br \/>\nSite Internet: <a href=\"https:\/\/www.weitzer-parkett.com\">www.weitzer-parkett.com<\/a><\/p>\n<p>N\u00b0 DVR (registre du traitement des donn\u00e9es): 0055913<br \/>\nN\u00b0 d\u2019enregistrement au registre des soci\u00e9t\u00e9s: 557395z<br \/>\nARA d\u00e9gag\u00e9 des obligations<br \/>\nNum\u00e9ro de licence: 2582<br \/>\nN\u00b0 de TVA Intra.: ATU76996609<br \/>\nLieu de juridiction: Graz<\/p>\n<\/div>\n                    <div class=\"col-right col\"><h3>Coordonn\u00e9es bancaires<\/h3>\n<h4>Autriche<\/h4>\n<p>Banque: Raiba Weiz<br \/>\nNum\u00e9ro de compte: 34801<br \/>\nNum\u00e9ro d\u2019identit\u00e9 bancaire: 38187<br \/>\nIBAN: AT443818700000034801<br \/>\nBIC: RZSTAT2G187<\/p>\n<\/div>\n                <\/div>\n            <\/div>\n        <\/div>\n    <\/div>\n\n<div id=\"ep-block-wysiwyg-block_6a8d4d47fbf9f34772daeef820766ed4\" class=\"ep-block-wysiwyg ep-block  chosen-\">\n                        <div class=\"show-frontend\">\n                <div class=\"inner\">\n                    <div class=\"holder\"><h3>Obligation d\u2019information d\u2019apr\u00e8s la loi sur les m\u00e9dias \u00a725<\/h3>\n<p>Nom de l\u2019entreprise: Weitzer Parkett Vertriebs GmbH<br \/>\nActivit\u00e9 de l\u2019entreprise: fabrication de parquets<br \/>\nAffiliation aux chambres de commerce: membre de la Chambre de commerce de Styrie<br \/>\nDroit professionnel: Code de l\u00e9gislation industrielle et du travail: www.ris.bka.gv.at<br \/>\nAdministration des professions industrielles et commerciales: direction de district Weiz<br \/>\nLieu de juridiction: Graz<br \/>\n\u00c9tat conc\u00e9dant le titre: entreprise industrielle en Autriche<br \/>\nCommanditaires:<\/p>\n<ol>\n<li>Weitzer Parkett GmbH, soci\u00e9t\u00e9 \u00e0 responsabilit\u00e9 limit\u00e9e<br \/>\n(associ\u00e9s Weitzer Holding 100%)<br \/>\nSi\u00e8ge social: Klammstra\u00dfe 24, 8160 Weiz<br \/>\nNum\u00e9ro de registre du commerce: FN 65575i<br \/>\nTribunal de commerce: Tribunal du Land Graz<\/li>\n<li>DI Josef Stoppacher<br \/>\nHueberweg 29, 8160 Weiz<\/li>\n<\/ol>\n<p><strong>G\u00e9rants<\/strong><\/p>\n<ul>\n<li>DI Josef Stoppacher<\/li>\n<li>Dipl.-Ing. (FH) Martin Karner, MA<\/li>\n<\/ul>\n<p>Rapports de participation : Associ\u00e9s commanditaires Weitzer Holding GmbH 100% (associ\u00e9s Wilfried Weitzer 3,51%, Certus Estate GmbH 3,51%, fondation priv\u00e9e SEAL 92,98%)<br \/>\nDescription du site internet: Le site Internet weitzer-parkett.com met \u00e0 la disposition du public des informations sur les produits et les services de l\u2019entreprise Weitzer Parkett Vertriebs GmbH. Y sont li\u00e9s tous les partenaires showroom de l\u2019entreprise, les raisons expliquant pourquoi il faut promotionner Weitzer Parkett ainsi que les postes \u00e0 occuper sur ce site Internet.<\/p>\n<p>Online-Plattform zur Online-Streitbeilegung (OS-Plattform): ec.europa.eu\/odr<br \/>\nODR-platform: ec.europa.eu\/odr<\/p>\n<p>&nbsp;<\/p>\n<p><a href=\"https:\/\/firmen.wko.at\/weitzer-parkett-vertriebs-gmbh\/steiermark\/?firmaid=cf45acdf-12e7-48ab-9cd4-63a7407f71e2\" target=\"_blank\" rel=\"noopener\"><img decoding=\"async\" class=\"alignnone\" src=\"https:\/\/www.weitzer-parkett.com\/wp-content\/uploads\/2017\/12\/ecg.gif\" alt=\"\" width=\"169\" height=\"23\" \/><\/a><\/p>\n<hr \/>\n<\/div>\n                <\/div>\n            <\/div>\n            <\/div>\n\n<div id=\"ep-block-wysiwyg-block_c9936106e245f820ca5609826e4d7e48\" class=\"ep-block-wysiwyg ep-block  chosen-\">\n                        <div class=\"show-frontend\">\n                <div class=\"inner\">\n                    <div class=\"holder\"><h3>Limite de responsabilit\u00e9<\/h3>\n<p>Ce site Internet est sauf contre ordre un portail d\u2019informations gratuit. En utilisant le site Internet <a href=\"https:\/\/www.weitzer-parkett.com\/fr\/\">www.weitzer-parkett.com<\/a>, vous vous d\u00e9clarez d\u2019accord avec les points suivants:<\/p>\n<h4><\/h4>\n<h4>Responsabilit\u00e9<\/h4>\n<p>Les contenus de ce site Internet ont \u00e9t\u00e9 \u00e9labor\u00e9s avec le plus grand soin; cependant l\u2019exploitant du site exclut toute responsabilit\u00e9 en ce qui concerne pr\u00e9cis\u00e9ment ces contenus. Les contenus mis \u00e0 la disposition du public le sont \u00e0 des fins purement informatives et non comme unique base de d\u00e9cision pour des actions ayant des r\u00e9percussions financi\u00e8res.<br \/>\nLes pages reli\u00e9es par lien hypertexte ont \u00e9t\u00e9 contr\u00f4l\u00e9es au moment de l\u2019\u00e9tablissement du lien pour y d\u00e9tecter de possibles violations du droit. Aucun contenu ill\u00e9gal n\u2019a \u00e9t\u00e9 d\u00e9tect\u00e9 lors de la cr\u00e9ation des liens.<\/p>\n<h4><\/h4>\n<h4>Droits d\u2019auteur<\/h4>\n<p>Tous les contenus, sp\u00e9cialement les textes, les graphiques, les photos ainsi que l\u2019ensemble du concept et de la pr\u00e9sentation du site Internet rel\u00e8vent du droit de propri\u00e9t\u00e9 intellectuelle. Il est formellement interdit de copier ou de publier sur d\u2019autres sites des contenus ou parties de contenus sans autorisation \u00e9crite. Le t\u00e9l\u00e9chargement et la copie des diverses pages ou de leur contenu ne sont autoris\u00e9s qu\u2019\u00e0 des fins priv\u00e9es non commerciales.<br \/>\nMalgr\u00e9 toute l\u2019attention port\u00e9e aux droits de propri\u00e9t\u00e9 intellectuelle de tiers, des erreurs peuvent \u00eatre commises. S\u2019il vous arrivait d\u2019en remarquer une, nous vous prions de bien vouloir nous en informer. Si des violations du droit sont port\u00e9es \u00e0 notre connaissance, nous supprimerons imm\u00e9diatement les contenus incrimin\u00e9s.<\/p>\n<h4><\/h4>\n<h4>Remarque concernant la protection des donn\u00e9es<\/h4>\n<p>Ce site Internet utilise Google Analytics, un service d\u2019analyse Internet de Google Inc. (\u00ab Google \u00bb). Google Analytics utilise des \u00ab cookies \u00bb, des fichiers texte stock\u00e9s sur votre ordinateur et permettant une analyse de l\u2019utilisation du site. Les informations g\u00e9n\u00e9r\u00e9es par le cookie portant sur votre utilisation de ce site (y compris votre adresse IP) sont transmises \u00e0 un serveur de Google aux USA et y sont stock\u00e9es. Google se servira de ces informations pour \u00e9valuer votre utilisation du site, pour \u00e9tablir des rapports sur les activit\u00e9s du site pour les exploitants de celui-ci et pour offrir des prestations de service suppl\u00e9mentaires li\u00e9es \u00e0 l\u2019utilisation du site et d\u2019Internet. Google transmettra aussi \u00e9ventuellement ces informations \u00e0 des tiers, dans la mesure o\u00f9 ceci est prescrit par la loi ou dans la mesure o\u00f9 des tiers traitent ces donn\u00e9es \u00e0 la demande de Google. Google ne mettra en aucun cas votre adresse IP en liaison avec d\u2019autres donn\u00e9es de Google. Vous avez la possibilit\u00e9 d\u2019emp\u00eacher l\u2019installation des cookies par un r\u00e9glage correspondant de votre logiciel de navigation; nous vous indiquons cependant que vous ne pourrez, dans ce cas, \u00e9ventuellement pas utiliser toutes les fonctions de ce site. En utilisant ce site, vous vous d\u00e9clarez d\u2019accord avec le traitement des donn\u00e9es recueillies sur vous par Google de la mani\u00e8re ci-dessus d\u00e9crite et dans le but pr\u00e9c\u00e9demment indiqu\u00e9.<\/p>\n<p>You can also opt-out from being tracked by Google Analytics with effect for the future by downloading and installing Google Analytics Opt-out Browser Addon for your current web browser: <a href=\"https:\/\/tools.google.com\/dlpage\/gaoptout?hl=fr\">https:\/\/tools.google.com\/dlpage\/gaoptout?hl=fr<\/a>.<\/p>\n<h4><\/h4>\n<h4>Droit \u00e0 l\u2019image<\/h4>\n<p>\u00a9 Weitzer Parkett<br \/>\n\u00a9 <a href=\"https:\/\/www.freepik.com\/free-photos-vectors\/business\" target=\"_blank\" rel=\"noopener\">Business vector created by Alekksall \u2013 Freepik.com<\/a><\/p>\n<\/div>\n                <\/div>\n            <\/div>\n            <\/div>","protected":false},"excerpt":{"rendered":"","protected":false},"author":1,"featured_media":0,"parent":0,"menu_order":0,"comment_status":"closed","ping_status":"closed","template":"","meta":{"_acf_changed":false,"footnotes":""},"class_list":["post-16368","page","type-page","status-publish","hentry"],"acf":[],"yoast_head":"<!-- This site is optimized with the Yoast SEO plugin v27.1.1 - https:\/\/yoast.com\/product\/yoast-seo-wordpress\/ -->\n<title>Mentions l\u00e9gales | Weitzer Parkett<\/title>\n<meta name=\"description\" content=\"Die Inhalte unserer Weitzer Parkett Vertriebs GmbH Seiten wurden mit gr\u00f6\u00dfter Sorgfalt erstellt. Lesen Sie hier unser Impressum.\" \/>\n<meta name=\"robots\" content=\"index, follow, max-snippet:-1, max-image-preview:large, max-video-preview:-1\" \/>\n<link rel=\"canonical\" href=\"https:\/\/www.weitzer-parkett.com\/fr\/mentions-legales\/\" \/>\n<meta property=\"og:locale\" content=\"fr_FR\" \/>\n<meta property=\"og:type\" content=\"article\" \/>\n<meta property=\"og:title\" content=\"Mentions l\u00e9gales | Weitzer Parkett\" \/>\n<meta property=\"og:description\" content=\"Die Inhalte unserer Weitzer Parkett Vertriebs GmbH Seiten wurden mit gr\u00f6\u00dfter Sorgfalt erstellt. Lesen Sie hier unser Impressum.\" \/>\n<meta property=\"og:url\" content=\"https:\/\/www.weitzer-parkett.com\/fr\/mentions-legales\/\" \/>\n<meta property=\"og:site_name\" content=\"Weitzer Parkett\" \/>\n<meta property=\"article:publisher\" content=\"http:\/\/www.facebook.com\/weitzerparkett\" \/>\n<meta property=\"article:modified_time\" content=\"2025-04-17T11:23:17+00:00\" \/>\n<meta property=\"og:image\" content=\"https:\/\/www.weitzer-parkett.com\/wp-content\/uploads\/2017\/08\/Weiz-Header-1.jpg\" \/>\n\t<meta property=\"og:image:width\" content=\"1200\" \/>\n\t<meta property=\"og:image:height\" content=\"450\" \/>\n\t<meta property=\"og:image:type\" content=\"image\/jpeg\" \/>\n<meta name=\"twitter:card\" content=\"summary_large_image\" \/>\n<meta name=\"twitter:site\" content=\"@weitzerparkett\" \/>\n<script type=\"application\/ld+json\" class=\"yoast-schema-graph\">{\"@context\":\"https:\/\/schema.org\",\"@graph\":[{\"@type\":\"WebPage\",\"@id\":\"https:\/\/www.weitzer-parkett.com\/fr\/mentions-legales\/\",\"url\":\"https:\/\/www.weitzer-parkett.com\/fr\/mentions-legales\/\",\"name\":\"Mentions l\u00e9gales | Weitzer Parkett\",\"isPartOf\":{\"@id\":\"https:\/\/www.weitzer-parkett.com\/fr\/#website\"},\"datePublished\":\"2017-08-17T14:07:17+00:00\",\"dateModified\":\"2025-04-17T11:23:17+00:00\",\"description\":\"Die Inhalte unserer Weitzer Parkett Vertriebs GmbH Seiten wurden mit gr\u00f6\u00dfter Sorgfalt erstellt. Lesen Sie hier unser Impressum.\",\"breadcrumb\":{\"@id\":\"https:\/\/www.weitzer-parkett.com\/fr\/mentions-legales\/#breadcrumb\"},\"inLanguage\":\"fr-FR\",\"potentialAction\":[{\"@type\":\"ReadAction\",\"target\":[\"https:\/\/www.weitzer-parkett.com\/fr\/mentions-legales\/\"]}]},{\"@type\":\"BreadcrumbList\",\"@id\":\"https:\/\/www.weitzer-parkett.com\/fr\/mentions-legales\/#breadcrumb\",\"itemListElement\":[{\"@type\":\"ListItem\",\"position\":1,\"name\":\"Home\",\"item\":\"https:\/\/www.weitzer-parkett.com\/fr\/\"},{\"@type\":\"ListItem\",\"position\":2,\"name\":\"Mentions l\u00e9gales\"}]},{\"@type\":\"WebSite\",\"@id\":\"https:\/\/www.weitzer-parkett.com\/fr\/#website\",\"url\":\"https:\/\/www.weitzer-parkett.com\/fr\/\",\"name\":\"Weitzer Parkett\",\"description\":\"Intelligente Parkett- und Stiegenl\u00f6sungen\",\"publisher\":{\"@id\":\"https:\/\/www.weitzer-parkett.com\/fr\/#organization\"},\"potentialAction\":[{\"@type\":\"SearchAction\",\"target\":{\"@type\":\"EntryPoint\",\"urlTemplate\":\"https:\/\/www.weitzer-parkett.com\/fr\/?s={search_term_string}\"},\"query-input\":{\"@type\":\"PropertyValueSpecification\",\"valueRequired\":true,\"valueName\":\"search_term_string\"}}],\"inLanguage\":\"fr-FR\"},{\"@type\":\"Organization\",\"@id\":\"https:\/\/www.weitzer-parkett.com\/fr\/#organization\",\"name\":\"Weitzer Parkett\",\"url\":\"https:\/\/www.weitzer-parkett.com\/fr\/\",\"logo\":{\"@type\":\"ImageObject\",\"inLanguage\":\"fr-FR\",\"@id\":\"https:\/\/www.weitzer-parkett.com\/fr\/#\/schema\/logo\/image\/\",\"url\":\"https:\/\/www.weitzer-parkett.com\/wp-content\/uploads\/2018\/01\/weitzer-parkett-logo.png\",\"contentUrl\":\"https:\/\/www.weitzer-parkett.com\/wp-content\/uploads\/2018\/01\/weitzer-parkett-logo.png\",\"width\":253,\"height\":81,\"caption\":\"Weitzer Parkett\"},\"image\":{\"@id\":\"https:\/\/www.weitzer-parkett.com\/fr\/#\/schema\/logo\/image\/\"},\"sameAs\":[\"http:\/\/www.facebook.com\/weitzerparkett\",\"https:\/\/x.com\/weitzerparkett\",\"http:\/\/www.linkedin.com\/company\/weitzer-parkett\",\"https:\/\/www.pinterest.com\/weitzerparkett\/\",\"https:\/\/www.youtube.com\/user\/weitzerparkett\/\"]}]}<\/script>\n<!-- \/ Yoast SEO plugin. -->","yoast_head_json":{"title":"Mentions l\u00e9gales | Weitzer Parkett","description":"Die Inhalte unserer Weitzer Parkett Vertriebs GmbH Seiten wurden mit gr\u00f6\u00dfter Sorgfalt erstellt. Lesen Sie hier unser Impressum.","robots":{"index":"index","follow":"follow","max-snippet":"max-snippet:-1","max-image-preview":"max-image-preview:large","max-video-preview":"max-video-preview:-1"},"canonical":"https:\/\/www.weitzer-parkett.com\/fr\/mentions-legales\/","og_locale":"fr_FR","og_type":"article","og_title":"Mentions l\u00e9gales | Weitzer Parkett","og_description":"Die Inhalte unserer Weitzer Parkett Vertriebs GmbH Seiten wurden mit gr\u00f6\u00dfter Sorgfalt erstellt. Lesen Sie hier unser Impressum.","og_url":"https:\/\/www.weitzer-parkett.com\/fr\/mentions-legales\/","og_site_name":"Weitzer Parkett","article_publisher":"http:\/\/www.facebook.com\/weitzerparkett","article_modified_time":"2025-04-17T11:23:17+00:00","og_image":[{"width":1200,"height":450,"url":"https:\/\/www.weitzer-parkett.com\/wp-content\/uploads\/2017\/08\/Weiz-Header-1.jpg","type":"image\/jpeg"}],"twitter_card":"summary_large_image","twitter_site":"@weitzerparkett","schema":{"@context":"https:\/\/schema.org","@graph":[{"@type":"WebPage","@id":"https:\/\/www.weitzer-parkett.com\/fr\/mentions-legales\/","url":"https:\/\/www.weitzer-parkett.com\/fr\/mentions-legales\/","name":"Mentions l\u00e9gales | Weitzer Parkett","isPartOf":{"@id":"https:\/\/www.weitzer-parkett.com\/fr\/#website"},"datePublished":"2017-08-17T14:07:17+00:00","dateModified":"2025-04-17T11:23:17+00:00","description":"Die Inhalte unserer Weitzer Parkett Vertriebs GmbH Seiten wurden mit gr\u00f6\u00dfter Sorgfalt erstellt. Lesen Sie hier unser Impressum.","breadcrumb":{"@id":"https:\/\/www.weitzer-parkett.com\/fr\/mentions-legales\/#breadcrumb"},"inLanguage":"fr-FR","potentialAction":[{"@type":"ReadAction","target":["https:\/\/www.weitzer-parkett.com\/fr\/mentions-legales\/"]}]},{"@type":"BreadcrumbList","@id":"https:\/\/www.weitzer-parkett.com\/fr\/mentions-legales\/#breadcrumb","itemListElement":[{"@type":"ListItem","position":1,"name":"Home","item":"https:\/\/www.weitzer-parkett.com\/fr\/"},{"@type":"ListItem","position":2,"name":"Mentions l\u00e9gales"}]},{"@type":"WebSite","@id":"https:\/\/www.weitzer-parkett.com\/fr\/#website","url":"https:\/\/www.weitzer-parkett.com\/fr\/","name":"Weitzer Parkett","description":"Intelligente Parkett- und Stiegenl\u00f6sungen","publisher":{"@id":"https:\/\/www.weitzer-parkett.com\/fr\/#organization"},"potentialAction":[{"@type":"SearchAction","target":{"@type":"EntryPoint","urlTemplate":"https:\/\/www.weitzer-parkett.com\/fr\/?s={search_term_string}"},"query-input":{"@type":"PropertyValueSpecification","valueRequired":true,"valueName":"search_term_string"}}],"inLanguage":"fr-FR"},{"@type":"Organization","@id":"https:\/\/www.weitzer-parkett.com\/fr\/#organization","name":"Weitzer Parkett","url":"https:\/\/www.weitzer-parkett.com\/fr\/","logo":{"@type":"ImageObject","inLanguage":"fr-FR","@id":"https:\/\/www.weitzer-parkett.com\/fr\/#\/schema\/logo\/image\/","url":"https:\/\/www.weitzer-parkett.com\/wp-content\/uploads\/2018\/01\/weitzer-parkett-logo.png","contentUrl":"https:\/\/www.weitzer-parkett.com\/wp-content\/uploads\/2018\/01\/weitzer-parkett-logo.png","width":253,"height":81,"caption":"Weitzer Parkett"},"image":{"@id":"https:\/\/www.weitzer-parkett.com\/fr\/#\/schema\/logo\/image\/"},"sameAs":["http:\/\/www.facebook.com\/weitzerparkett","https:\/\/x.com\/weitzerparkett","http:\/\/www.linkedin.com\/company\/weitzer-parkett","https:\/\/www.pinterest.com\/weitzerparkett\/","https:\/\/www.youtube.com\/user\/weitzerparkett\/"]}]}},"_links":{"self":[{"href":"https:\/\/www.weitzer-parkett.com\/fr\/wp-json\/wp\/v2\/pages\/16368","targetHints":{"allow":["GET"]}}],"collection":[{"href":"https:\/\/www.weitzer-parkett.com\/fr\/wp-json\/wp\/v2\/pages"}],"about":[{"href":"https:\/\/www.weitzer-parkett.com\/fr\/wp-json\/wp\/v2\/types\/page"}],"author":[{"embeddable":true,"href":"https:\/\/www.weitzer-parkett.com\/fr\/wp-json\/wp\/v2\/users\/1"}],"replies":[{"embeddable":true,"href":"https:\/\/www.weitzer-parkett.com\/fr\/wp-json\/wp\/v2\/comments?post=16368"}],"version-history":[{"count":5,"href":"https:\/\/www.weitzer-parkett.com\/fr\/wp-json\/wp\/v2\/pages\/16368\/revisions"}],"predecessor-version":[{"id":65494,"href":"https:\/\/www.weitzer-parkett.com\/fr\/wp-json\/wp\/v2\/pages\/16368\/revisions\/65494"}],"wp:attachment":[{"href":"https:\/\/www.weitzer-parkett.com\/fr\/wp-json\/wp\/v2\/media?parent=16368"}],"curies":[{"name":"wp","href":"https:\/\/api.w.org\/{rel}","templated":true}]}}